{"id":6192,"date":"2025-10-30T16:28:00","date_gmt":"2025-10-30T15:28:00","guid":{"rendered":"http:\/\/bive5814.odns.fr\/AVF\/?page_id=6192"},"modified":"2026-02-26T16:20:30","modified_gmt":"2026-02-26T15:20:30","slug":"actualites","status":"publish","type":"page","link":"https:\/\/www.avf-motors.com\/en\/actualites\/","title":{"rendered":"Actualit\u00e9s"},"content":{"rendered":"<div data-elementor-type=\"wp-page\" data-elementor-id=\"6192\" class=\"elementor elementor-6192\">\n\t\t\t\t<div class=\"elementor-element elementor-element-b833ae5 e-flex e-con-boxed e-con e-parent\" data-id=\"b833ae5\" data-element_type=\"container\" data-e-type=\"container\">\n\t\t\t\t\t<div class=\"e-con-inner\">\n\t\t\t\t<div class=\"elementor-element elementor-element-327ed77 elementor-widget elementor-widget-xpro-post-grid\" data-id=\"327ed77\" data-element_type=\"widget\" data-e-type=\"widget\" data-settings=\"{&quot;column_grid&quot;:&quot;3&quot;,&quot;column_grid_tablet&quot;:&quot;2&quot;,&quot;column_grid_mobile&quot;:&quot;1&quot;,&quot;image_height&quot;:{&quot;unit&quot;:&quot;px&quot;,&quot;size&quot;:&quot;&quot;,&quot;sizes&quot;:[]},&quot;image_height_tablet&quot;:{&quot;unit&quot;:&quot;px&quot;,&quot;size&quot;:&quot;&quot;,&quot;sizes&quot;:[]},&quot;image_height_mobile&quot;:{&quot;unit&quot;:&quot;px&quot;,&quot;size&quot;:&quot;&quot;,&quot;sizes&quot;:[]},&quot;space_between&quot;:{&quot;unit&quot;:&quot;px&quot;,&quot;size&quot;:15,&quot;sizes&quot;:[]},&quot;space_between_tablet&quot;:{&quot;unit&quot;:&quot;px&quot;,&quot;size&quot;:15,&quot;sizes&quot;:[]},&quot;space_between_mobile&quot;:{&quot;unit&quot;:&quot;px&quot;,&quot;size&quot;:15,&quot;sizes&quot;:[]},&quot;content_height&quot;:{&quot;unit&quot;:&quot;px&quot;,&quot;size&quot;:&quot;&quot;,&quot;sizes&quot;:[]},&quot;content_height_tablet&quot;:{&quot;unit&quot;:&quot;px&quot;,&quot;size&quot;:&quot;&quot;,&quot;sizes&quot;:[]},&quot;content_height_mobile&quot;:{&quot;unit&quot;:&quot;px&quot;,&quot;size&quot;:&quot;&quot;,&quot;sizes&quot;:[]}}\" data-widget_type=\"xpro-post-grid.default\">\n\t\t\t\t<div class=\"elementor-widget-container\">\n\t\t\t\t\t\n\t\t<div class=\"xpro-post-grid-wrapper xpro-post-grid-layout-1\">\n\n\t\t\t\n\t\t\t\t<div class=\"xpro-post-grid-main cbp\">\n\n\t\t\t\t\t\n<div class=\"cbp-item xpro-post-grid-item\">\n\t\t\t<div class=\"xpro-post-grid-image\">\n\t\t\t<img fetchpriority=\"high\" decoding=\"async\" width=\"2560\" height=\"1054\" src=\"https:\/\/www.avf-motors.com\/wp-content\/uploads\/2026\/04\/DSC0630-1-scaled-e1777367538311.jpg\" class=\"attachment-full size-full\" alt=\"\" srcset=\"https:\/\/www.avf-motors.com\/wp-content\/uploads\/2026\/04\/DSC0630-1-scaled-e1777367538311.jpg 2560w, https:\/\/www.avf-motors.com\/wp-content\/uploads\/2026\/04\/DSC0630-1-scaled-e1777367538311-300x124.jpg 300w, https:\/\/www.avf-motors.com\/wp-content\/uploads\/2026\/04\/DSC0630-1-scaled-e1777367538311-1024x422.jpg 1024w, https:\/\/www.avf-motors.com\/wp-content\/uploads\/2026\/04\/DSC0630-1-scaled-e1777367538311-768x316.jpg 768w, https:\/\/www.avf-motors.com\/wp-content\/uploads\/2026\/04\/DSC0630-1-scaled-e1777367538311-1536x632.jpg 1536w, https:\/\/www.avf-motors.com\/wp-content\/uploads\/2026\/04\/DSC0630-1-scaled-e1777367538311-2048x843.jpg 2048w, https:\/\/www.avf-motors.com\/wp-content\/uploads\/2026\/04\/DSC0630-1-scaled-e1777367538311-18x7.jpg 18w, https:\/\/www.avf-motors.com\/wp-content\/uploads\/2026\/04\/DSC0630-1-scaled-e1777367538311-600x247.jpg 600w\" sizes=\"(max-width: 2560px) 100vw, 2560px\" \/>\t\t\t\t\t<\/div>\n\t\n\t<div class=\"xpro-post-grid-content\">\n\n\t\t\n\t\t\t\t\t<ul class=\"xpro-post-grid-meta-list\">\n\t\t\t\t\t\t\t\t\t\t\t\t\t\t\t<li class=\"xpro-post-grid-meta-date\">\n\t\t\t\t\t\t\t<i aria-hidden=\"true\" class=\"far fa-calendar\"><\/i>\t\t\t\t\t\t\t28 April 2026\t\t\t\t\t\t<\/li>\n\t\t\t\t\t\t\t\t\t\t\t\t\t\t\t\n\t\t\t\t\t\t\t<\/ul>\n\t\t\n\t\t<a href=\"https:\/\/www.avf-motors.com\/en\/actualites\/avf-motors-et-lelectrique-notre-avis\/\">\n\t\t\t<h2 class=\"xpro-post-grid-title\">AVF Motors et l&rsquo;\u00e9lectrique ? Notre avis<\/h2>\n\t\t<\/a>\n\n\t\t\n\t\t\t\t\t<p class=\"xpro-post-grid-excerpt\">Depuis plusieurs ann\u00e9es, le v\u00e9hicule \u00e9lectrique s\u2019impose comme une...<\/p>\n\t\t\t\t\t\t\n\t\t\n\t<\/div>\n<\/div>\n\n<div class=\"cbp-item xpro-post-grid-item\">\n\t\t\t<div class=\"xpro-post-grid-image\">\n\t\t\t<img decoding=\"async\" width=\"2560\" height=\"1440\" src=\"https:\/\/www.avf-motors.com\/wp-content\/uploads\/2026\/04\/332395_6000x4000-scaled.jpg\" class=\"attachment-full size-full\" alt=\"\" srcset=\"https:\/\/www.avf-motors.com\/wp-content\/uploads\/2026\/04\/332395_6000x4000-scaled.jpg 2560w, https:\/\/www.avf-motors.com\/wp-content\/uploads\/2026\/04\/332395_6000x4000-300x169.jpg 300w, https:\/\/www.avf-motors.com\/wp-content\/uploads\/2026\/04\/332395_6000x4000-1024x576.jpg 1024w, https:\/\/www.avf-motors.com\/wp-content\/uploads\/2026\/04\/332395_6000x4000-768x432.jpg 768w, https:\/\/www.avf-motors.com\/wp-content\/uploads\/2026\/04\/332395_6000x4000-1536x864.jpg 1536w, https:\/\/www.avf-motors.com\/wp-content\/uploads\/2026\/04\/332395_6000x4000-2048x1152.jpg 2048w, https:\/\/www.avf-motors.com\/wp-content\/uploads\/2026\/04\/332395_6000x4000-18x10.jpg 18w, https:\/\/www.avf-motors.com\/wp-content\/uploads\/2026\/04\/332395_6000x4000-800x450.jpg 800w, https:\/\/www.avf-motors.com\/wp-content\/uploads\/2026\/04\/332395_6000x4000-600x338.jpg 600w\" sizes=\"(max-width: 2560px) 100vw, 2560px\" \/>\t\t\t\t\t<\/div>\n\t\n\t<div class=\"xpro-post-grid-content\">\n\n\t\t\n\t\t\t\t\t<ul class=\"xpro-post-grid-meta-list\">\n\t\t\t\t\t\t\t\t\t\t\t\t\t\t\t<li class=\"xpro-post-grid-meta-date\">\n\t\t\t\t\t\t\t<i aria-hidden=\"true\" class=\"far fa-calendar\"><\/i>\t\t\t\t\t\t\t20 April 2026\t\t\t\t\t\t<\/li>\n\t\t\t\t\t\t\t\t\t\t\t\t\t\t\t\n\t\t\t\t\t\t\t<\/ul>\n\t\t\n\t\t<a href=\"https:\/\/www.avf-motors.com\/en\/actualites\/porsche-etoffe-son-parc-et-nous-presente-une-gt3-super-cabriolet\/\">\n\t\t\t<h2 class=\"xpro-post-grid-title\">NOUVEAUT\u00c9 : PORSCHE GT3 S\/C<\/h2>\n\t\t<\/a>\n\n\t\t\n\t\t\t\t\t<p class=\"xpro-post-grid-excerpt\">PORSCHE ETOFFE SON PARC ET NOUS PRESENTE UNE GT3...<\/p>\n\t\t\t\t\t\t\n\t\t\n\t<\/div>\n<\/div>\n\n<div class=\"cbp-item xpro-post-grid-item\">\n\t\t\t<div class=\"xpro-post-grid-image\">\n\t\t\t<img decoding=\"async\" width=\"2560\" height=\"1707\" src=\"https:\/\/www.avf-motors.com\/wp-content\/uploads\/2026\/03\/Range_Rover_Couple-16-scaled.jpg\" class=\"attachment-full size-full\" alt=\"\" srcset=\"https:\/\/www.avf-motors.com\/wp-content\/uploads\/2026\/03\/Range_Rover_Couple-16-scaled.jpg 2560w, https:\/\/www.avf-motors.com\/wp-content\/uploads\/2026\/03\/Range_Rover_Couple-16-2048x1365.jpg 2048w, https:\/\/www.avf-motors.com\/wp-content\/uploads\/2026\/03\/Range_Rover_Couple-16-18x12.jpg 18w, https:\/\/www.avf-motors.com\/wp-content\/uploads\/2026\/03\/Range_Rover_Couple-16-300x200.jpg 300w, https:\/\/www.avf-motors.com\/wp-content\/uploads\/2026\/03\/Range_Rover_Couple-16-768x512.jpg 768w, https:\/\/www.avf-motors.com\/wp-content\/uploads\/2026\/03\/Range_Rover_Couple-16-1024x683.jpg 1024w, https:\/\/www.avf-motors.com\/wp-content\/uploads\/2026\/03\/Range_Rover_Couple-16-1536x1024.jpg 1536w, https:\/\/www.avf-motors.com\/wp-content\/uploads\/2026\/03\/Range_Rover_Couple-16-600x400.jpg 600w\" sizes=\"(max-width: 2560px) 100vw, 2560px\" \/>\t\t\t\t\t<\/div>\n\t\n\t<div class=\"xpro-post-grid-content\">\n\n\t\t\n\t\t\t\t\t<ul class=\"xpro-post-grid-meta-list\">\n\t\t\t\t\t\t\t\t\t\t\t\t\t\t\t<li class=\"xpro-post-grid-meta-date\">\n\t\t\t\t\t\t\t<i aria-hidden=\"true\" class=\"far fa-calendar\"><\/i>\t\t\t\t\t\t\t13 March 2026\t\t\t\t\t\t<\/li>\n\t\t\t\t\t\t\t\t\t\t\t\t\t\t\t\n\t\t\t\t\t\t\t<\/ul>\n\t\t\n\t\t<a href=\"https:\/\/www.avf-motors.com\/en\/actualites\/avf-motors-et-le-choix-de-ses-vehicules\/\">\n\t\t\t<h2 class=\"xpro-post-grid-title\">AVF Motors et le choix de ses v\u00e9hicules<\/h2>\n\t\t<\/a>\n\n\t\t\n\t\t\t\t\t<p class=\"xpro-post-grid-excerpt\">Comment nous s\u00e9lectionnons les v\u00e9hicules premium chez AVF Motors...<\/p>\n\t\t\t\t\t\t\n\t\t\n\t<\/div>\n<\/div>\n\n<div class=\"cbp-item xpro-post-grid-item\">\n\t\t\t<div class=\"xpro-post-grid-image\">\n\t\t\t<img loading=\"lazy\" decoding=\"async\" width=\"1784\" height=\"1004\" src=\"https:\/\/www.avf-motors.com\/wp-content\/uploads\/2026\/03\/RS5.webp\" class=\"attachment-full size-full\" alt=\"\" srcset=\"https:\/\/www.avf-motors.com\/wp-content\/uploads\/2026\/03\/RS5.webp 1784w, https:\/\/www.avf-motors.com\/wp-content\/uploads\/2026\/03\/RS5-18x10.webp 18w, https:\/\/www.avf-motors.com\/wp-content\/uploads\/2026\/03\/RS5-300x169.webp 300w, https:\/\/www.avf-motors.com\/wp-content\/uploads\/2026\/03\/RS5-768x432.webp 768w, https:\/\/www.avf-motors.com\/wp-content\/uploads\/2026\/03\/RS5-1024x576.webp 1024w, https:\/\/www.avf-motors.com\/wp-content\/uploads\/2026\/03\/RS5-1536x864.webp 1536w, https:\/\/www.avf-motors.com\/wp-content\/uploads\/2026\/03\/RS5-800x450.webp 800w, https:\/\/www.avf-motors.com\/wp-content\/uploads\/2026\/03\/RS5-600x338.webp 600w\" sizes=\"(max-width: 1784px) 100vw, 1784px\" \/>\t\t\t\t\t<\/div>\n\t\n\t<div class=\"xpro-post-grid-content\">\n\n\t\t\n\t\t\t\t\t<ul class=\"xpro-post-grid-meta-list\">\n\t\t\t\t\t\t\t\t\t\t\t\t\t\t\t<li class=\"xpro-post-grid-meta-date\">\n\t\t\t\t\t\t\t<i aria-hidden=\"true\" class=\"far fa-calendar\"><\/i>\t\t\t\t\t\t\t6 March 2026\t\t\t\t\t\t<\/li>\n\t\t\t\t\t\t\t\t\t\t\t\t\t\t\t\n\t\t\t\t\t\t\t<\/ul>\n\t\t\n\t\t<a href=\"https:\/\/www.avf-motors.com\/en\/actualites\/un-nouveau-depart-pour-audi-sport\/\">\n\t\t\t<h2 class=\"xpro-post-grid-title\">Un nouveau d\u00e9part pour l&rsquo;Audi RS5<\/h2>\n\t\t<\/a>\n\n\t\t\n\t\t\t\t\t<p class=\"xpro-post-grid-excerpt\">Audi Sport entre dans la nouvelle \u00e8re des v\u00e9hicules...<\/p>\n\t\t\t\t\t\t\n\t\t\n\t<\/div>\n<\/div>\n\n<div class=\"cbp-item xpro-post-grid-item\">\n\t\t\t<div class=\"xpro-post-grid-image\">\n\t\t\t<img loading=\"lazy\" decoding=\"async\" width=\"2035\" height=\"686\" src=\"https:\/\/www.avf-motors.com\/wp-content\/uploads\/2026\/02\/DSC06550-Calvin-COURJON-e1771682711323.jpg\" class=\"attachment-full size-full\" alt=\"\" srcset=\"https:\/\/www.avf-motors.com\/wp-content\/uploads\/2026\/02\/DSC06550-Calvin-COURJON-e1771682711323.jpg 2035w, https:\/\/www.avf-motors.com\/wp-content\/uploads\/2026\/02\/DSC06550-Calvin-COURJON-e1771682711323-18x6.jpg 18w, https:\/\/www.avf-motors.com\/wp-content\/uploads\/2026\/02\/DSC06550-Calvin-COURJON-e1771682711323-300x101.jpg 300w, https:\/\/www.avf-motors.com\/wp-content\/uploads\/2026\/02\/DSC06550-Calvin-COURJON-e1771682711323-768x259.jpg 768w, https:\/\/www.avf-motors.com\/wp-content\/uploads\/2026\/02\/DSC06550-Calvin-COURJON-e1771682711323-1024x345.jpg 1024w, https:\/\/www.avf-motors.com\/wp-content\/uploads\/2026\/02\/DSC06550-Calvin-COURJON-e1771682711323-1536x518.jpg 1536w, https:\/\/www.avf-motors.com\/wp-content\/uploads\/2026\/02\/DSC06550-Calvin-COURJON-e1771682711323-600x202.jpg 600w\" sizes=\"(max-width: 2035px) 100vw, 2035px\" \/>\t\t\t\t\t<\/div>\n\t\n\t<div class=\"xpro-post-grid-content\">\n\n\t\t\n\t\t\t\t\t<ul class=\"xpro-post-grid-meta-list\">\n\t\t\t\t\t\t\t\t\t\t\t\t\t\t\t<li class=\"xpro-post-grid-meta-date\">\n\t\t\t\t\t\t\t<i aria-hidden=\"true\" class=\"far fa-calendar\"><\/i>\t\t\t\t\t\t\t27 February 2026\t\t\t\t\t\t<\/li>\n\t\t\t\t\t\t\t\t\t\t\t\t\t\t\t\n\t\t\t\t\t\t\t<\/ul>\n\t\t\n\t\t<a href=\"https:\/\/www.avf-motors.com\/en\/actualites\/avf-et-la-location-comment-ca-marche\/\">\n\t\t\t<h2 class=\"xpro-post-grid-title\">AVF et la location : comment \u00e7a marche ?<\/h2>\n\t\t<\/a>\n\n\t\t\n\t\t\t\t\t<p class=\"xpro-post-grid-excerpt\">La location chez AVF Motors\u00a0: une solution compl\u00e8te, confidentielle...<\/p>\n\t\t\t\t\t\t\n\t\t\n\t<\/div>\n<\/div>\n\n<div class=\"cbp-item xpro-post-grid-item\">\n\t\t\t<div class=\"xpro-post-grid-image\">\n\t\t\t<img loading=\"lazy\" decoding=\"async\" width=\"2560\" height=\"1706\" src=\"https:\/\/www.avf-motors.com\/wp-content\/uploads\/2026\/02\/glc2.jpg\" class=\"attachment-full size-full\" alt=\"\" srcset=\"https:\/\/www.avf-motors.com\/wp-content\/uploads\/2026\/02\/glc2.jpg 2560w, https:\/\/www.avf-motors.com\/wp-content\/uploads\/2026\/02\/glc2-18x12.jpg 18w, https:\/\/www.avf-motors.com\/wp-content\/uploads\/2026\/02\/glc2-300x200.jpg 300w, https:\/\/www.avf-motors.com\/wp-content\/uploads\/2026\/02\/glc2-768x512.jpg 768w, https:\/\/www.avf-motors.com\/wp-content\/uploads\/2026\/02\/glc2-1024x682.jpg 1024w, https:\/\/www.avf-motors.com\/wp-content\/uploads\/2026\/02\/glc2-1536x1024.jpg 1536w, https:\/\/www.avf-motors.com\/wp-content\/uploads\/2026\/02\/glc2-2048x1365.jpg 2048w, https:\/\/www.avf-motors.com\/wp-content\/uploads\/2026\/02\/glc2-600x400.jpg 600w\" sizes=\"(max-width: 2560px) 100vw, 2560px\" \/>\t\t\t\t\t<\/div>\n\t\n\t<div class=\"xpro-post-grid-content\">\n\n\t\t\n\t\t\t\t\t<ul class=\"xpro-post-grid-meta-list\">\n\t\t\t\t\t\t\t\t\t\t\t\t\t\t\t<li class=\"xpro-post-grid-meta-date\">\n\t\t\t\t\t\t\t<i aria-hidden=\"true\" class=\"far fa-calendar\"><\/i>\t\t\t\t\t\t\t15 February 2026\t\t\t\t\t\t<\/li>\n\t\t\t\t\t\t\t\t\t\t\t\t\t\t\t\n\t\t\t\t\t\t\t<\/ul>\n\t\t\n\t\t<a href=\"https:\/\/www.avf-motors.com\/en\/actualites\/mercedes-gle-53-amg-4-matic\/\">\n\t\t\t<h2 class=\"xpro-post-grid-title\">Mercedes GLC 53 AMG 4 Matic+<\/h2>\n\t\t<\/a>\n\n\t\t\n\t\t\t\t\t<p class=\"xpro-post-grid-excerpt\">La polyvalence par AMG Mercedes aura fait le bon...<\/p>\n\t\t\t\t\t\t\n\t\t\n\t<\/div>\n<\/div>\n\n<div class=\"cbp-item xpro-post-grid-item\">\n\t\t\t<div class=\"xpro-post-grid-image\">\n\t\t\t<img loading=\"lazy\" decoding=\"async\" width=\"2560\" height=\"1439\" src=\"https:\/\/www.avf-motors.com\/wp-content\/uploads\/2026\/02\/porsche2-scaled.jpg\" class=\"attachment-full size-full\" alt=\"\" srcset=\"https:\/\/www.avf-motors.com\/wp-content\/uploads\/2026\/02\/porsche2-scaled.jpg 2560w, https:\/\/www.avf-motors.com\/wp-content\/uploads\/2026\/02\/porsche2-1536x864.jpg 1536w, https:\/\/www.avf-motors.com\/wp-content\/uploads\/2026\/02\/porsche2-18x10.jpg 18w, https:\/\/www.avf-motors.com\/wp-content\/uploads\/2026\/02\/porsche2-300x169.jpg 300w, https:\/\/www.avf-motors.com\/wp-content\/uploads\/2026\/02\/porsche2-768x432.jpg 768w, https:\/\/www.avf-motors.com\/wp-content\/uploads\/2026\/02\/porsche2-1024x576.jpg 1024w, https:\/\/www.avf-motors.com\/wp-content\/uploads\/2026\/02\/porsche2-2048x1151.jpg 2048w, https:\/\/www.avf-motors.com\/wp-content\/uploads\/2026\/02\/porsche2-800x450.jpg 800w, https:\/\/www.avf-motors.com\/wp-content\/uploads\/2026\/02\/porsche2-600x337.jpg 600w\" sizes=\"(max-width: 2560px) 100vw, 2560px\" \/>\t\t\t\t\t<\/div>\n\t\n\t<div class=\"xpro-post-grid-content\">\n\n\t\t\n\t\t\t\t\t<ul class=\"xpro-post-grid-meta-list\">\n\t\t\t\t\t\t\t\t\t\t\t\t\t\t\t<li class=\"xpro-post-grid-meta-date\">\n\t\t\t\t\t\t\t<i aria-hidden=\"true\" class=\"far fa-calendar\"><\/i>\t\t\t\t\t\t\t15 February 2026\t\t\t\t\t\t<\/li>\n\t\t\t\t\t\t\t\t\t\t\t\t\t\t\t\n\t\t\t\t\t\t\t<\/ul>\n\t\t\n\t\t<a href=\"https:\/\/www.avf-motors.com\/en\/actualites\/porsche992\/\">\n\t\t\t<h2 class=\"xpro-post-grid-title\">Facelift Porsche 992.2 Turbo S<\/h2>\n\t\t<\/a>\n\n\t\t\n\t\t\t\t\t<p class=\"xpro-post-grid-excerpt\">La sportive polyvalente Porsche frappe fort au salon de...<\/p>\n\t\t\t\t\t\t\n\t\t\n\t<\/div>\n<\/div>\n\n<div class=\"cbp-item xpro-post-grid-item\">\n\t\t\t<div class=\"xpro-post-grid-image\">\n\t\t\t<img loading=\"lazy\" decoding=\"async\" width=\"2560\" height=\"1707\" src=\"https:\/\/www.avf-motors.com\/wp-content\/uploads\/2026\/02\/DSC2675-scaled.jpeg\" class=\"attachment-full size-full\" alt=\"\" srcset=\"https:\/\/www.avf-motors.com\/wp-content\/uploads\/2026\/02\/DSC2675-scaled.jpeg 2560w, https:\/\/www.avf-motors.com\/wp-content\/uploads\/2026\/02\/DSC2675-2048x1365.jpeg 2048w, https:\/\/www.avf-motors.com\/wp-content\/uploads\/2026\/02\/DSC2675-18x12.jpeg 18w, https:\/\/www.avf-motors.com\/wp-content\/uploads\/2026\/02\/DSC2675-300x200.jpeg 300w, https:\/\/www.avf-motors.com\/wp-content\/uploads\/2026\/02\/DSC2675-768x512.jpeg 768w, https:\/\/www.avf-motors.com\/wp-content\/uploads\/2026\/02\/DSC2675-1024x683.jpeg 1024w, https:\/\/www.avf-motors.com\/wp-content\/uploads\/2026\/02\/DSC2675-1536x1024.jpeg 1536w, https:\/\/www.avf-motors.com\/wp-content\/uploads\/2026\/02\/DSC2675-600x400.jpeg 600w\" sizes=\"(max-width: 2560px) 100vw, 2560px\" \/>\t\t\t\t\t<\/div>\n\t\n\t<div class=\"xpro-post-grid-content\">\n\n\t\t\n\t\t\t\t\t<ul class=\"xpro-post-grid-meta-list\">\n\t\t\t\t\t\t\t\t\t\t\t\t\t\t\t<li class=\"xpro-post-grid-meta-date\">\n\t\t\t\t\t\t\t<i aria-hidden=\"true\" class=\"far fa-calendar\"><\/i>\t\t\t\t\t\t\t10 February 2026\t\t\t\t\t\t<\/li>\n\t\t\t\t\t\t\t\t\t\t\t\t\t\t\t\n\t\t\t\t\t\t\t<\/ul>\n\t\t\n\t\t<a href=\"https:\/\/www.avf-motors.com\/en\/actualites\/platine-sa-devoile-sa-marque-avf-motors\/\">\n\t\t\t<h2 class=\"xpro-post-grid-title\">Platine SA d\u00e9voile sa marque AVF Motors<\/h2>\n\t\t<\/a>\n\n\t\t\n\t\t\t\t\t<p class=\"xpro-post-grid-excerpt\">Depuis le 1er janvier 2026, notre soci\u00e9t\u00e9 \u00e9volue et...<\/p>\n\t\t\t\t\t\t\n\t\t\n\t<\/div>\n<\/div>\n\n\t\t\t\t<\/div>\n\n\t\t\t\t\n\t\t<\/div>\n\n\t\t\t\t\t\t<\/div>\n\t\t\t\t<\/div>\n\t\t\t\t<div class=\"elementor-element elementor-element-2a23dba elementor-widget elementor-widget-html\" data-id=\"2a23dba\" data-element_type=\"widget\" data-e-type=\"widget\" data-widget_type=\"html.default\">\n\t\t\t\t<div class=\"elementor-widget-container\">\n\t\t\t\t\t<script>\r\n    document.addEventListener('DOMContentLoaded', function() {\r\n  document.querySelectorAll('.elementor-post').forEach(function(card) {\r\n    const link = card.querySelector('a.elementor-post__read-more, a.elementor-post__title, a.elementor-post__thumbnail__link');\r\n    if (link) {\r\n      card.style.cursor = 'pointer';\r\n      card.addEventListener('click', function() {\r\n        window.location = link.href;\r\n      });\r\n    }\r\n  });\r\n});\r\n<\/script>\t\t\t\t<\/div>\n\t\t\t\t<\/div>\n\t\t\t\t\t<\/div>\n\t\t\t\t<\/div>\n\t\t\t\t<\/div>","protected":false},"excerpt":{"rendered":"<p>15 f\u00e9vrier 2026 Mercedes GLC 53 AMG 4 Matic+ La polyvalence par AMG Mercedes aura fait le bon&#8230; 15 f\u00e9vrier 2026 Facelift Porsche 992.2 Turbo S La sportive polyvalente Porsche frappe fort au salon de&#8230; 10 f\u00e9vrier 2026 Platine SA d\u00e9voile sa marque AVF Motors Depuis le 1er janvier 2026, notre soci\u00e9t\u00e9 \u00e9volue et&#8230;<\/p>","protected":false},"author":1,"featured_media":0,"parent":0,"menu_order":0,"comment_status":"closed","ping_status":"closed","template":"","meta":{"_acf_changed":false,"content-type":"","ocean_post_layout":"","ocean_both_sidebars_style":"","ocean_both_sidebars_content_width":0,"ocean_both_sidebars_sidebars_width":0,"ocean_sidebar":"0","ocean_second_sidebar":"0","ocean_disable_margins":"enable","ocean_add_body_class":"","ocean_shortcode_before_top_bar":"","ocean_shortcode_after_top_bar":"","ocean_shortcode_before_header":"","ocean_shortcode_after_header":"","ocean_has_shortcode":"","ocean_shortcode_after_title":"","ocean_shortcode_before_footer_widgets":"","ocean_shortcode_after_footer_widgets":"","ocean_shortcode_before_footer_bottom":"","ocean_shortcode_after_footer_bottom":"","ocean_display_top_bar":"default","ocean_display_header":"default","ocean_header_style":"","ocean_center_header_left_menu":"0","ocean_custom_header_template":"0","ocean_custom_logo":0,"ocean_custom_retina_logo":0,"ocean_custom_logo_max_width":0,"ocean_custom_logo_tablet_max_width":0,"ocean_custom_logo_mobile_max_width":0,"ocean_custom_logo_max_height":0,"ocean_custom_logo_tablet_max_height":0,"ocean_custom_logo_mobile_max_height":0,"ocean_header_custom_menu":"0","ocean_menu_typo_font_family":"0","ocean_menu_typo_font_subset":"","ocean_menu_typo_font_size":0,"ocean_menu_typo_font_size_tablet":0,"ocean_menu_typo_font_size_mobile":0,"ocean_menu_typo_font_size_unit":"px","ocean_menu_typo_font_weight":"","ocean_menu_typo_font_weight_tablet":"","ocean_menu_typo_font_weight_mobile":"","ocean_menu_typo_transform":"","ocean_menu_typo_transform_tablet":"","ocean_menu_typo_transform_mobile":"","ocean_menu_typo_line_height":0,"ocean_menu_typo_line_height_tablet":0,"ocean_menu_typo_line_height_mobile":0,"ocean_menu_typo_line_height_unit":"","ocean_menu_typo_spacing":0,"ocean_menu_typo_spacing_tablet":0,"ocean_menu_typo_spacing_mobile":0,"ocean_menu_typo_spacing_unit":"","ocean_menu_link_color":"","ocean_menu_link_color_hover":"","ocean_menu_link_color_active":"","ocean_menu_link_background":"","ocean_menu_link_hover_background":"","ocean_menu_link_active_background":"","ocean_menu_social_links_bg":"","ocean_menu_social_hover_links_bg":"","ocean_menu_social_links_color":"","ocean_menu_social_hover_links_color":"","ocean_disable_title":"default","ocean_disable_heading":"default","ocean_post_title":"","ocean_post_subheading":"","ocean_post_title_style":"","ocean_post_title_background_color":"","ocean_post_title_background":0,"ocean_post_title_bg_image_position":"","ocean_post_title_bg_image_attachment":"","ocean_post_title_bg_image_repeat":"","ocean_post_title_bg_image_size":"","ocean_post_title_height":0,"ocean_post_title_bg_overlay":0.5,"ocean_post_title_bg_overlay_color":"","ocean_disable_breadcrumbs":"default","ocean_breadcrumbs_color":"","ocean_breadcrumbs_separator_color":"","ocean_breadcrumbs_links_color":"","ocean_breadcrumbs_links_hover_color":"","ocean_display_footer_widgets":"default","ocean_display_footer_bottom":"default","ocean_custom_footer_template":"0","footnotes":""},"class_list":["post-6192","page","type-page","status-publish","hentry","entry","has-media"],"acf":[],"yoast_head":"<!-- This site is optimized with the Yoast SEO plugin v27.3 - https:\/\/yoast.com\/product\/yoast-seo-wordpress\/ -->\n<title>Actualit\u00e9s - AVF Motors<\/title>\n<meta name=\"robots\" content=\"index, follow, max-snippet:-1, max-image-preview:large, max-video-preview:-1\" \/>\n<link rel=\"canonical\" href=\"https:\/\/www.avf-motors.com\/en\/actualites\/\" \/>\n<meta property=\"og:locale\" content=\"en_GB\" \/>\n<meta property=\"og:type\" content=\"article\" \/>\n<meta property=\"og:title\" content=\"Actualit\u00e9s - AVF Motors\" \/>\n<meta property=\"og:description\" content=\"15 f\u00e9vrier 2026 Mercedes GLC 53 AMG 4 Matic+ La polyvalence par AMG Mercedes aura fait le bon&#8230; 15 f\u00e9vrier 2026 Facelift Porsche 992.2 Turbo S La sportive polyvalente Porsche frappe fort au salon de&#8230; 10 f\u00e9vrier 2026 Platine SA d\u00e9voile sa marque AVF Motors Depuis le 1er janvier 2026, notre soci\u00e9t\u00e9 \u00e9volue et&#8230;\" \/>\n<meta property=\"og:url\" content=\"https:\/\/www.avf-motors.com\/en\/actualites\/\" \/>\n<meta property=\"og:site_name\" content=\"AVF Motors\" \/>\n<meta property=\"article:modified_time\" content=\"2026-02-26T15:20:30+00:00\" \/>\n<meta property=\"og:image\" content=\"https:\/\/www.avf-motors.com\/wp-content\/uploads\/2026\/02\/glc2.jpg\" \/>\n<meta name=\"twitter:card\" content=\"summary_large_image\" \/>\n<meta name=\"twitter:label1\" content=\"Estimated reading time\" \/>\n\t<meta name=\"twitter:data1\" content=\"1 minute\" \/>\n<script type=\"application\/ld+json\" class=\"yoast-schema-graph\">{\"@context\":\"https:\\\/\\\/schema.org\",\"@graph\":[{\"@type\":\"WebPage\",\"@id\":\"https:\\\/\\\/www.avf-motors.com\\\/actualites\\\/\",\"url\":\"https:\\\/\\\/www.avf-motors.com\\\/actualites\\\/\",\"name\":\"Actualit\u00e9s - AVF Motors\",\"isPartOf\":{\"@id\":\"https:\\\/\\\/www.avf-motors.com\\\/en\\\/#website\"},\"primaryImageOfPage\":{\"@id\":\"https:\\\/\\\/www.avf-motors.com\\\/actualites\\\/#primaryimage\"},\"image\":{\"@id\":\"https:\\\/\\\/www.avf-motors.com\\\/actualites\\\/#primaryimage\"},\"thumbnailUrl\":\"https:\\\/\\\/www.avf-motors.com\\\/wp-content\\\/uploads\\\/2026\\\/02\\\/glc2.jpg\",\"datePublished\":\"2025-10-30T15:28:00+00:00\",\"dateModified\":\"2026-02-26T15:20:30+00:00\",\"breadcrumb\":{\"@id\":\"https:\\\/\\\/www.avf-motors.com\\\/actualites\\\/#breadcrumb\"},\"inLanguage\":\"en-GB\",\"potentialAction\":[{\"@type\":\"ReadAction\",\"target\":[\"https:\\\/\\\/www.avf-motors.com\\\/actualites\\\/\"]}]},{\"@type\":\"ImageObject\",\"inLanguage\":\"en-GB\",\"@id\":\"https:\\\/\\\/www.avf-motors.com\\\/actualites\\\/#primaryimage\",\"url\":\"https:\\\/\\\/www.avf-motors.com\\\/wp-content\\\/uploads\\\/2026\\\/02\\\/glc2.jpg\",\"contentUrl\":\"https:\\\/\\\/www.avf-motors.com\\\/wp-content\\\/uploads\\\/2026\\\/02\\\/glc2.jpg\"},{\"@type\":\"BreadcrumbList\",\"@id\":\"https:\\\/\\\/www.avf-motors.com\\\/actualites\\\/#breadcrumb\",\"itemListElement\":[{\"@type\":\"ListItem\",\"position\":1,\"name\":\"Accueil\",\"item\":\"https:\\\/\\\/www.avf-motors.com\\\/en\\\/\"},{\"@type\":\"ListItem\",\"position\":2,\"name\":\"Actualit\u00e9s\"}]},{\"@type\":\"WebSite\",\"@id\":\"https:\\\/\\\/www.avf-motors.com\\\/en\\\/#website\",\"url\":\"https:\\\/\\\/www.avf-motors.com\\\/en\\\/\",\"name\":\"AVF Motors\",\"description\":\"\",\"publisher\":{\"@id\":\"https:\\\/\\\/www.avf-motors.com\\\/en\\\/#organization\"},\"potentialAction\":[{\"@type\":\"SearchAction\",\"target\":{\"@type\":\"EntryPoint\",\"urlTemplate\":\"https:\\\/\\\/www.avf-motors.com\\\/en\\\/?s={search_term_string}\"},\"query-input\":{\"@type\":\"PropertyValueSpecification\",\"valueRequired\":true,\"valueName\":\"search_term_string\"}}],\"inLanguage\":\"en-GB\"},{\"@type\":\"Organization\",\"@id\":\"https:\\\/\\\/www.avf-motors.com\\\/en\\\/#organization\",\"name\":\"AVF Motors\",\"url\":\"https:\\\/\\\/www.avf-motors.com\\\/en\\\/\",\"logo\":{\"@type\":\"ImageObject\",\"inLanguage\":\"en-GB\",\"@id\":\"https:\\\/\\\/www.avf-motors.com\\\/en\\\/#\\\/schema\\\/logo\\\/image\\\/\",\"url\":\"https:\\\/\\\/www.avf-motors.com\\\/wp-content\\\/uploads\\\/2025\\\/06\\\/cropped-cropped-Logo-couleur-baseline-vectoriel-removebg-preview-1-1.png\",\"contentUrl\":\"https:\\\/\\\/www.avf-motors.com\\\/wp-content\\\/uploads\\\/2025\\\/06\\\/cropped-cropped-Logo-couleur-baseline-vectoriel-removebg-preview-1-1.png\",\"width\":630,\"height\":330,\"caption\":\"AVF Motors\"},\"image\":{\"@id\":\"https:\\\/\\\/www.avf-motors.com\\\/en\\\/#\\\/schema\\\/logo\\\/image\\\/\"}}]}<\/script>\n<!-- \/ Yoast SEO plugin. -->","yoast_head_json":{"title":"Actualit\u00e9s - AVF Motors","robots":{"index":"index","follow":"follow","max-snippet":"max-snippet:-1","max-image-preview":"max-image-preview:large","max-video-preview":"max-video-preview:-1"},"canonical":"https:\/\/www.avf-motors.com\/en\/actualites\/","og_locale":"en_GB","og_type":"article","og_title":"Actualit\u00e9s - AVF Motors","og_description":"15 f\u00e9vrier 2026 Mercedes GLC 53 AMG 4 Matic+ La polyvalence par AMG Mercedes aura fait le bon&#8230; 15 f\u00e9vrier 2026 Facelift Porsche 992.2 Turbo S La sportive polyvalente Porsche frappe fort au salon de&#8230; 10 f\u00e9vrier 2026 Platine SA d\u00e9voile sa marque AVF Motors Depuis le 1er janvier 2026, notre soci\u00e9t\u00e9 \u00e9volue et&#8230;","og_url":"https:\/\/www.avf-motors.com\/en\/actualites\/","og_site_name":"AVF Motors","article_modified_time":"2026-02-26T15:20:30+00:00","og_image":[{"url":"https:\/\/www.avf-motors.com\/wp-content\/uploads\/2026\/02\/glc2.jpg","type":"","width":"","height":""}],"twitter_card":"summary_large_image","twitter_misc":{"Estimated reading time":"1 minute"},"schema":{"@context":"https:\/\/schema.org","@graph":[{"@type":"WebPage","@id":"https:\/\/www.avf-motors.com\/actualites\/","url":"https:\/\/www.avf-motors.com\/actualites\/","name":"Actualit\u00e9s - AVF Motors","isPartOf":{"@id":"https:\/\/www.avf-motors.com\/en\/#website"},"primaryImageOfPage":{"@id":"https:\/\/www.avf-motors.com\/actualites\/#primaryimage"},"image":{"@id":"https:\/\/www.avf-motors.com\/actualites\/#primaryimage"},"thumbnailUrl":"https:\/\/www.avf-motors.com\/wp-content\/uploads\/2026\/02\/glc2.jpg","datePublished":"2025-10-30T15:28:00+00:00","dateModified":"2026-02-26T15:20:30+00:00","breadcrumb":{"@id":"https:\/\/www.avf-motors.com\/actualites\/#breadcrumb"},"inLanguage":"en-GB","potentialAction":[{"@type":"ReadAction","target":["https:\/\/www.avf-motors.com\/actualites\/"]}]},{"@type":"ImageObject","inLanguage":"en-GB","@id":"https:\/\/www.avf-motors.com\/actualites\/#primaryimage","url":"https:\/\/www.avf-motors.com\/wp-content\/uploads\/2026\/02\/glc2.jpg","contentUrl":"https:\/\/www.avf-motors.com\/wp-content\/uploads\/2026\/02\/glc2.jpg"},{"@type":"BreadcrumbList","@id":"https:\/\/www.avf-motors.com\/actualites\/#breadcrumb","itemListElement":[{"@type":"ListItem","position":1,"name":"Accueil","item":"https:\/\/www.avf-motors.com\/en\/"},{"@type":"ListItem","position":2,"name":"Actualit\u00e9s"}]},{"@type":"WebSite","@id":"https:\/\/www.avf-motors.com\/en\/#website","url":"https:\/\/www.avf-motors.com\/en\/","name":"AVF Motors","description":"","publisher":{"@id":"https:\/\/www.avf-motors.com\/en\/#organization"},"potentialAction":[{"@type":"SearchAction","target":{"@type":"EntryPoint","urlTemplate":"https:\/\/www.avf-motors.com\/en\/?s={search_term_string}"},"query-input":{"@type":"PropertyValueSpecification","valueRequired":true,"valueName":"search_term_string"}}],"inLanguage":"en-GB"},{"@type":"Organization","@id":"https:\/\/www.avf-motors.com\/en\/#organization","name":"AVF Motors","url":"https:\/\/www.avf-motors.com\/en\/","logo":{"@type":"ImageObject","inLanguage":"en-GB","@id":"https:\/\/www.avf-motors.com\/en\/#\/schema\/logo\/image\/","url":"https:\/\/www.avf-motors.com\/wp-content\/uploads\/2025\/06\/cropped-cropped-Logo-couleur-baseline-vectoriel-removebg-preview-1-1.png","contentUrl":"https:\/\/www.avf-motors.com\/wp-content\/uploads\/2025\/06\/cropped-cropped-Logo-couleur-baseline-vectoriel-removebg-preview-1-1.png","width":630,"height":330,"caption":"AVF Motors"},"image":{"@id":"https:\/\/www.avf-motors.com\/en\/#\/schema\/logo\/image\/"}}]}},"_links":{"self":[{"href":"https:\/\/www.avf-motors.com\/en\/wp-json\/wp\/v2\/pages\/6192","targetHints":{"allow":["GET"]}}],"collection":[{"href":"https:\/\/www.avf-motors.com\/en\/wp-json\/wp\/v2\/pages"}],"about":[{"href":"https:\/\/www.avf-motors.com\/en\/wp-json\/wp\/v2\/types\/page"}],"author":[{"embeddable":true,"href":"https:\/\/www.avf-motors.com\/en\/wp-json\/wp\/v2\/users\/1"}],"replies":[{"embeddable":true,"href":"https:\/\/www.avf-motors.com\/en\/wp-json\/wp\/v2\/comments?post=6192"}],"version-history":[{"count":13,"href":"https:\/\/www.avf-motors.com\/en\/wp-json\/wp\/v2\/pages\/6192\/revisions"}],"predecessor-version":[{"id":7357,"href":"https:\/\/www.avf-motors.com\/en\/wp-json\/wp\/v2\/pages\/6192\/revisions\/7357"}],"wp:attachment":[{"href":"https:\/\/www.avf-motors.com\/en\/wp-json\/wp\/v2\/media?parent=6192"}],"curies":[{"name":"wp","href":"https:\/\/api.w.org\/{rel}","templated":true}]}}